{"id":202666,"date":"2026-07-30T10:04:31","date_gmt":"2026-07-30T09:04:31","guid":{"rendered":"https:\/\/bravaexperience.es\/listing\/chez-pacha-central-duplex-2-beach-i-brava-exp\/"},"modified":"2026-09-01T07:13:59","modified_gmt":"2026-09-01T06:13:59","slug":"chez-pacha-central-duplex-2-beach-i-brava-exp","status":"publish","type":"bly_property","link":"https:\/\/bravaexperience.es\/es\/listing\/chez-pacha-central-duplex-2-beach-i-brava-exp\/","title":{"rendered":"Chez Pacha \u2013 D\u00faplex central de 2 pies de playa I Brava Exp."},"content":{"rendered":"<p>El espacio:<\/p>\n<p>El apartamento se distribuye en dos niveles y est\u00e1 ubicado en la planta baja de un peque\u00f1o edificio residencial. Tenga en cuenta que, si bien la entrada est\u00e1 a nivel de calle, hay dos escalones para acceder al inmueble.<\/p>\n<p>Disposici\u00f3n:<\/p>\n<p>Planta baja: sal\u00f3n, comedor y cocina di\u00e1fanos, adem\u00e1s de un aseo de invitados con inodoro y bid\u00e9.<\/p>\n<p>Planta superior: dos dormitorios, un ba\u00f1o completo con ducha y un cuarto de servicio\/lavander\u00eda independiente (esta habitaci\u00f3n no se utiliza para dormir).<\/p>\n<p>Disposici\u00f3n para dormir:<\/p>\n<p>\u2013 Dormitorio 1: Cama doble con armarios empotrados.<br \/>\n\u2013 Dormitorio 2: Litera con una cama doble en la parte inferior y una cama individual en la parte superior.<\/p>\n<p>Por motivos de comodidad, la ocupaci\u00f3n m\u00e1xima es de cinco hu\u00e9spedes.<\/p>\n<p>El apartamento cuenta con dos ba\u00f1os:<\/p>\n<p>Un aseo para invitados en la planta baja.<\/p>\n<p>Un ba\u00f1o completo en la planta superior con ducha.<\/p>\n<p>La cocina est\u00e1 totalmente equipada con horno, microondas, lavavajillas, vitrocer\u00e1mica, hervidor de agua, cafetera Nespresso y un frigor\u00edfico grande de dos puertas con congelador independiente.<br \/>\nUna mesa de comedor redonda tiene capacidad para seis comensales.<\/p>\n<p>Para mayor comodidad durante todo el a\u00f1o:<\/p>\n<p>Aire acondicionado con bomba de calor en la planta baja.<\/p>\n<p>Aire acondicionado con bomba de calor en el dormitorio principal de la planta superior.<\/p>\n<p>El segundo dormitorio est\u00e1 equipado con un radiador el\u00e9ctrico para el invierno y un ventilador de techo para el verano.<\/p>\n<p>Se proporcionan radiadores adicionales como complemento.<\/p>\n<p>Tenga en cuenta que la chimenea no est\u00e1 en funcionamiento.<\/p>\n<p>Aunque el apartamento no tiene espacio exterior, su ubicaci\u00f3n c\u00e9ntrica significa que la playa, las tiendas y los restaurantes est\u00e1n a solo unos minutos.<\/p>\n<p>Ubicaci\u00f3n:<\/p>\n<p>Chez Pacha est\u00e1 situado en la calle Miranda, una de las calles m\u00e1s c\u00e9ntricas de Cadaqu\u00e9s.<\/p>\n<p>La zona es animada y muy pr\u00e1ctica, con playas, restaurantes, tiendas y cafeter\u00edas a poca distancia a pie.<br \/>\nTenga en cuenta que, debido a su ubicaci\u00f3n c\u00e9ntrica, el ruido de la calle, especialmente el de las motocicletas, puede ser perceptible durante todo el d\u00eda, algo t\u00edpico de Cadaqu\u00e9s, sobre todo durante los meses de mayor afluencia tur\u00edstica.<\/p>\n<p>Otros aspectos a tener en cuenta:<\/p>\n<p>\u2013 Auto check-in mediante caja de llaves<br \/>\n\u2013 El registro de entrada es a partir de las 16:00.<br \/>\n\u2013 No se incluye aparcamiento privado. En la gu\u00eda de la casa encontrar\u00e1 informaci\u00f3n sobre las opciones de aparcamiento gratuitas y de pago.<br \/>\n\u2013 No se permite fumar dentro de la propiedad.<br \/>\n\u2013 No se admiten mascotas.<br \/>\n\u2013 Horario de silencio: 22:00 \u2013 07:00<br \/>\n\u2013 Cuna disponible bajo petici\u00f3n<br \/>\n\u2013 La limpieza est\u00e1 incluida en el precio y se muestra por separado.<br \/>\n\u2013 Se ofrecen servicios de limpieza intermedia opcionales bajo petici\u00f3n.<br \/>\n&#8211; A \u20ac50 deposit per stay will be required to cover incidental expenses.<\/p>\n<p>Informaci\u00f3n adicional:<\/p>\n<p>Algunos hu\u00e9spedes disfrutan explorando la propiedad con m\u00e1s detalle antes o durante su estancia. En l\u00ednea encontrar\u00e1 contenido visual adicional e informaci\u00f3n sobre el apartamento, incluyendo un v\u00eddeo completo del recorrido.<\/p>","protected":false},"excerpt":{"rendered":"<p>Chez Pacha es un c\u00f3modo apartamento d\u00faplex con una excelente ubicaci\u00f3n en pleno centro de Cadaqu\u00e9s, ideal para familias o grupos peque\u00f1os de hasta cinco personas que busquen un alojamiento pr\u00e1ctico a pocos pasos de la playa y del centro del pueblo. Situado a tan solo dos minutos del paseo mar\u00edtimo, el apartamento ofrece un punto de partida excelente para disfrutar de Cadaqu\u00e9s a pie, combinando comodidad, confort y un aut\u00e9ntico ambiente local.<\/p>","protected":false},"featured_media":202667,"menu_order":0,"template":"","meta":{"_acf_changed":false},"bly_location":[],"bly_property_type":[947],"bly_amenity":[],"bly_tag":[],"class_list":["post-202666","bly_property","type-bly_property","status-publish","has-post-thumbnail","hentry","bly_property_type-apartment"],"acf":[],"_links":{"self":[{"href":"https:\/\/bravaexperience.es\/es\/wp-json\/wp\/v2\/bly_property\/202666","targetHints":{"allow":["GET"]}}],"collection":[{"href":"https:\/\/bravaexperience.es\/es\/wp-json\/wp\/v2\/bly_property"}],"about":[{"href":"https:\/\/bravaexperience.es\/es\/wp-json\/wp\/v2\/types\/bly_property"}],"wp:featuredmedia":[{"embeddable":true,"href":"https:\/\/bravaexperience.es\/es\/wp-json\/wp\/v2\/media\/202667"}],"wp:attachment":[{"href":"https:\/\/bravaexperience.es\/es\/wp-json\/wp\/v2\/media?parent=202666"}],"wp:term":[{"taxonomy":"bly_location","embeddable":true,"href":"https:\/\/bravaexperience.es\/es\/wp-json\/wp\/v2\/bly_location?post=202666"},{"taxonomy":"bly_property_type","embeddable":true,"href":"https:\/\/bravaexperience.es\/es\/wp-json\/wp\/v2\/bly_property_type?post=202666"},{"taxonomy":"bly_amenity","embeddable":true,"href":"https:\/\/bravaexperience.es\/es\/wp-json\/wp\/v2\/bly_amenity?post=202666"},{"taxonomy":"bly_tag","embeddable":true,"href":"https:\/\/bravaexperience.es\/es\/wp-json\/wp\/v2\/bly_tag?post=202666"}],"curies":[{"name":"wp","href":"https:\/\/api.w.org\/{rel}","templated":true}]}}